{"id":1251,"date":"2025-11-05T11:05:45","date_gmt":"2025-11-05T14:05:45","guid":{"rendered":"https:\/\/www.neuquen.gob.ar\/financiamiento\/?page_id=1251"},"modified":"2025-11-05T12:18:22","modified_gmt":"2025-11-05T15:18:22","slug":"capital-de-trabajo-para-productores-fruticolas-poda","status":"publish","type":"page","link":"https:\/\/www.neuquen.gob.ar\/financiamiento\/capital-de-trabajo-para-productores-fruticolas-poda\/","title":{"rendered":"Capital de trabajo para productores frut\u00edcolas &#8211; PODA"},"content":{"rendered":"\t\t<div data-elementor-type=\"wp-page\" data-elementor-id=\"1251\" class=\"elementor elementor-1251\" data-elementor-post-type=\"page\">\n\t\t\t\t<div class=\"elementor-element elementor-element-1304b90f e-flex e-con-boxed e-con e-parent\" data-id=\"1304b90f\" data-element_type=\"container\" data-settings=\"{&quot;background_background&quot;:&quot;classic&quot;}\">\n\t\t\t\t\t<div class=\"e-con-inner\">\n\t\t\t\t<div class=\"elementor-element elementor-element-5f7f0973 elementor-widget elementor-widget-heading\" data-id=\"5f7f0973\" data-element_type=\"widget\" data-widget_type=\"heading.default\">\n\t\t\t\t<div class=\"elementor-widget-container\">\n\t\t\t<style>\/*! elementor - v3.21.0 - 26-05-2024 *\/\n.elementor-heading-title{padding:0;margin:0;line-height:1}.elementor-widget-heading .elementor-heading-title[class*=elementor-size-]>a{color:inherit;font-size:inherit;line-height:inherit}.elementor-widget-heading .elementor-heading-title.elementor-size-small{font-size:15px}.elementor-widget-heading .elementor-heading-title.elementor-size-medium{font-size:19px}.elementor-widget-heading .elementor-heading-title.elementor-size-large{font-size:29px}.elementor-widget-heading .elementor-heading-title.elementor-size-xl{font-size:39px}.elementor-widget-heading .elementor-heading-title.elementor-size-xxl{font-size:59px}<\/style><h2 class=\"elementor-heading-title elementor-size-default\">Capital de trabajo para productores frut\u00edcolas &#8211; PODA<\/h2>\t\t<\/div>\n\t\t\t\t<\/div>\n\t\t\t\t\t<\/div>\n\t\t\t\t<\/div>\n\t\t<div class=\"elementor-element elementor-element-243f1118 e-flex e-con-boxed e-con e-parent\" data-id=\"243f1118\" data-element_type=\"container\">\n\t\t\t\t\t<div class=\"e-con-inner\">\n\t\t<div class=\"elementor-element elementor-element-229e748c e-flex e-con-boxed e-con e-child\" data-id=\"229e748c\" data-element_type=\"container\">\n\t\t\t\t\t<div class=\"e-con-inner\">\n\t\t\t\t<div class=\"elementor-element elementor-element-a1f5f8 elementor-widget elementor-widget-text-editor\" data-id=\"a1f5f8\" data-element_type=\"widget\" data-widget_type=\"text-editor.default\">\n\t\t\t\t<div class=\"elementor-widget-container\">\n\t\t\t<style>\/*! elementor - v3.21.0 - 26-05-2024 *\/\n.elementor-widget-text-editor.elementor-drop-cap-view-stacked .elementor-drop-cap{background-color:#69727d;color:#fff}.elementor-widget-text-editor.elementor-drop-cap-view-framed .elementor-drop-cap{color:#69727d;border:3px solid;background-color:transparent}.elementor-widget-text-editor:not(.elementor-drop-cap-view-default) .elementor-drop-cap{margin-top:8px}.elementor-widget-text-editor:not(.elementor-drop-cap-view-default) .elementor-drop-cap-letter{width:1em;height:1em}.elementor-widget-text-editor .elementor-drop-cap{float:left;text-align:center;line-height:1;font-size:50px}.elementor-widget-text-editor .elementor-drop-cap-letter{display:inline-block}<\/style>\t\t\t\t<!-- wp:paragraph -->\n<p><strong>Personas Beneficiarias<\/strong><\/p>\n<!-- \/wp:paragraph --><!-- wp:paragraph -->\n<p>Productores frut\u00edcolas de pepita, carozo, cereza y frutos secos de la Provincia del Neuqu\u00e9n que cuenten con hasta 100 ha (la cantidad m\u00e1xima de hect\u00e1reas a financiar es de 20 ha por persona productora).<\/p>\n<!-- \/wp:paragraph --><!-- wp:paragraph -->\n<p><strong>Cupo de la l\u00ednea<\/strong><\/p>\n<!-- \/wp:paragraph --><!-- wp:paragraph -->\n<p>$2.395.100.000 (pesos dos millones trescientos noventa y cinco mil cien).<\/p>\n<!-- \/wp:paragraph --><!-- wp:paragraph -->\n<p><strong>Objetivo general<\/strong><\/p>\n<!-- \/wp:paragraph --><!-- wp:paragraph -->\n<p>El objetivo de esta l\u00ednea de cr\u00e9dito es brindar asistencia financiera inmediata a productores frut\u00edcolas para afrontar los costos operativos asociados a las labores de poda.<\/p>\n<!-- \/wp:paragraph --><!-- wp:paragraph -->\n<p><strong>Destino de los fondos<\/strong><\/p>\n<!-- \/wp:paragraph --><!-- wp:paragraph -->\n<p>Labores culturales y\/o Poda<\/p>\n<!-- \/wp:paragraph --><!-- wp:paragraph --><!-- \/wp:list --><!-- wp:paragraph --><!-- \/wp:paragraph -->\t\t\t\t\t\t<\/div>\n\t\t\t\t<\/div>\n\t\t\t\t<div class=\"elementor-element elementor-element-38ee886 elementor-widget elementor-widget-n-accordion\" data-id=\"38ee886\" data-element_type=\"widget\" data-settings=\"{&quot;default_state&quot;:&quot;expanded&quot;,&quot;max_items_expended&quot;:&quot;one&quot;,&quot;n_accordion_animation_duration&quot;:{&quot;unit&quot;:&quot;ms&quot;,&quot;size&quot;:400,&quot;sizes&quot;:[]}}\" data-widget_type=\"nested-accordion.default\">\n\t\t\t\t<div class=\"elementor-widget-container\">\n\t\t\t\t\t<div class=\"e-n-accordion\" aria-label=\"Accordion. Open links with Enter or Space, close with Escape, and navigate with Arrow Keys\">\n\t\t\t\t\t\t<details id=\"e-n-accordion-item-5960\" class=\"e-n-accordion-item\" open>\n\t\t\t\t<summary class=\"e-n-accordion-item-title\" data-accordion-index=\"1\" tabindex=\"0\" aria-expanded=\"true\" aria-controls=\"e-n-accordion-item-5960\" >\n\t\t\t\t\t<span class='e-n-accordion-item-title-header'><div class=\"e-n-accordion-item-title-text\"> Condiciones del Cr\u00e9dito <\/div><\/span>\n\t\t\t\t\t\t\t<span class='e-n-accordion-item-title-icon'>\n\t\t\t<span class='e-opened' ><svg aria-hidden=\"true\" class=\"e-font-icon-svg e-fas-check\" viewBox=\"0 0 512 512\" xmlns=\"http:\/\/www.w3.org\/2000\/svg\"><path d=\"M173.898 439.404l-166.4-166.4c-9.997-9.997-9.997-26.206 0-36.204l36.203-36.204c9.997-9.998 26.207-9.998 36.204 0L192 312.69 432.095 72.596c9.997-9.997 26.207-9.997 36.204 0l36.203 36.204c9.997 9.997 9.997 26.206 0 36.204l-294.4 294.401c-9.998 9.997-26.207 9.997-36.204-.001z\"><\/path><\/svg><\/span>\n\t\t\t<span class='e-closed'><svg aria-hidden=\"true\" class=\"e-font-icon-svg e-fas-plus\" viewBox=\"0 0 448 512\" xmlns=\"http:\/\/www.w3.org\/2000\/svg\"><path d=\"M416 208H272V64c0-17.67-14.33-32-32-32h-32c-17.67 0-32 14.33-32 32v144H32c-17.67 0-32 14.33-32 32v32c0 17.67 14.33 32 32 32h144v144c0 17.67 14.33 32 32 32h32c17.67 0 32-14.33 32-32V304h144c17.67 0 32-14.33 32-32v-32c0-17.67-14.33-32-32-32z\"><\/path><\/svg><\/span>\n\t\t<\/span>\n\n\t\t\t\t\t\t<\/summary>\n\t\t\t\t<div role=\"region\" aria-labelledby=\"e-n-accordion-item-5960\" class=\"elementor-element elementor-element-32ce4caa e-con-full e-flex e-con e-child\" data-id=\"32ce4caa\" data-element_type=\"container\">\n\t\t\t\t<div class=\"elementor-element elementor-element-502608b9 elementor-widget elementor-widget-text-editor\" data-id=\"502608b9\" data-element_type=\"widget\" data-widget_type=\"text-editor.default\">\n\t\t\t\t<div class=\"elementor-widget-container\">\n\t\t\t\t\t\t\t<p><!-- \/wp:paragraph --><!-- wp:list --><\/p>\n<ul class=\"wp-block-list\"><!-- wp:list-item -->\n<li>Monto a financiar: Hasta $ 1.500.000 por hect\u00e1rea de pepita, $ 900.000 por ha para carozo y $ 700.000 por ha para frutos secos (con un tope de 20 ha). \u00a0<\/li>\n<!-- \/wp:list-item --><!-- wp:list-item -->\n<li>Plazo de gracia: hasta doce (12) meses<\/li>\n<!-- \/wp:list-item --><!-- wp:list-item -->\n<li>Plazo de amortizaci\u00f3n: hasta seis (6) meses<\/li>\n<!-- \/wp:list-item --><!-- wp:list-item -->\n<li>Per\u00edodo total del cr\u00e9dito: hasta dieciocho (18) meses<\/li>\n<!-- \/wp:list-item --><!-- wp:list-item -->\n<li>Tasa de inter\u00e9s:\n<ul>\n<li>Productores de hasta 10 ha: \u00a0Tasa fija 10%.<\/li>\n<\/ul>\n<ul>\n<li>Productores de m\u00e1s de 10 ha y hasta 20 ha: Variable e igual al 30% de la Tasa Nominal Anual con capitalizaci\u00f3n cada 30 d\u00edas = T.N.A. (30 d\u00edas) publicada por BNA, m\u00e1s 2 puntos porcentuales, con tope fijo =Tasa 40% TNA.<\/li>\n<\/ul>\n<!-- wp:list -->\n<ul class=\"wp-block-list\"><!-- wp:list-item -->\n<li>Productores de m\u00e1s de 20 ha: Variable e igual al 50% de la Tasa Nominal Anual con capitalizaci\u00f3n cada 30 d\u00edas = T.N.A. (30 d\u00edas) publicada por BNA, m\u00e1s 2 puntos porcentuales, con tope fijo =Tasa 40% TNA.<\/li>\n<!-- \/wp:list-item --><\/ul>\n<!-- \/wp:list --><\/li>\n<!-- \/wp:list-item --><!-- wp:list-item -->\n<li>Frecuencia de amortizaci\u00f3n: mensual, trimestral, semestral o anual<\/li>\n<!-- \/wp:list-item --><!-- wp:list-item -->\n<li>Sistema de amortizaci\u00f3n: Franc\u00e9s<\/li>\n<!-- \/wp:list-item --><!-- wp:list-item -->\n<li>Moneda: pesos.<\/li>\n<\/ul>\t\t\t\t\t\t<\/div>\n\t\t\t\t<\/div>\n\t\t\t\t<\/div>\n\t\t\t\t\t<\/details>\n\t\t\t\t\t<\/div>\n\t\t\t\t<\/div>\n\t\t\t\t<\/div>\n\t\t\t\t<div class=\"elementor-element elementor-element-669210d elementor-widget elementor-widget-n-accordion\" data-id=\"669210d\" data-element_type=\"widget\" data-settings=\"{&quot;default_state&quot;:&quot;all_collapsed&quot;,&quot;max_items_expended&quot;:&quot;one&quot;,&quot;n_accordion_animation_duration&quot;:{&quot;unit&quot;:&quot;ms&quot;,&quot;size&quot;:400,&quot;sizes&quot;:[]}}\" data-widget_type=\"nested-accordion.default\">\n\t\t\t\t<div class=\"elementor-widget-container\">\n\t\t\t\t\t<div class=\"e-n-accordion\" aria-label=\"Accordion. Open links with Enter or Space, close with Escape, and navigate with Arrow Keys\">\n\t\t\t\t\t\t<details id=\"e-n-accordion-item-1070\" class=\"e-n-accordion-item\" >\n\t\t\t\t<summary class=\"e-n-accordion-item-title\" data-accordion-index=\"1\" tabindex=\"0\" aria-expanded=\"false\" aria-controls=\"e-n-accordion-item-1070\" >\n\t\t\t\t\t<span class='e-n-accordion-item-title-header'><div class=\"e-n-accordion-item-title-text\"> Garant\u00edas <\/div><\/span>\n\t\t\t\t\t\t\t<span class='e-n-accordion-item-title-icon'>\n\t\t\t<span class='e-opened' ><svg aria-hidden=\"true\" class=\"e-font-icon-svg e-fas-check\" viewBox=\"0 0 512 512\" xmlns=\"http:\/\/www.w3.org\/2000\/svg\"><path d=\"M173.898 439.404l-166.4-166.4c-9.997-9.997-9.997-26.206 0-36.204l36.203-36.204c9.997-9.998 26.207-9.998 36.204 0L192 312.69 432.095 72.596c9.997-9.997 26.207-9.997 36.204 0l36.203 36.204c9.997 9.997 9.997 26.206 0 36.204l-294.4 294.401c-9.998 9.997-26.207 9.997-36.204-.001z\"><\/path><\/svg><\/span>\n\t\t\t<span class='e-closed'><svg aria-hidden=\"true\" class=\"e-font-icon-svg e-fas-plus\" viewBox=\"0 0 448 512\" xmlns=\"http:\/\/www.w3.org\/2000\/svg\"><path d=\"M416 208H272V64c0-17.67-14.33-32-32-32h-32c-17.67 0-32 14.33-32 32v144H32c-17.67 0-32 14.33-32 32v32c0 17.67 14.33 32 32 32h144v144c0 17.67 14.33 32 32 32h32c17.67 0 32-14.33 32-32V304h144c17.67 0 32-14.33 32-32v-32c0-17.67-14.33-32-32-32z\"><\/path><\/svg><\/span>\n\t\t<\/span>\n\n\t\t\t\t\t\t<\/summary>\n\t\t\t\t<div role=\"region\" aria-labelledby=\"e-n-accordion-item-1070\" class=\"elementor-element elementor-element-16a5d56d e-con-full e-flex e-con e-child\" data-id=\"16a5d56d\" data-element_type=\"container\">\n\t\t\t\t<div class=\"elementor-element elementor-element-7f28b144 elementor-widget elementor-widget-text-editor\" data-id=\"7f28b144\" data-element_type=\"widget\" data-widget_type=\"text-editor.default\">\n\t\t\t\t<div class=\"elementor-widget-container\">\n\t\t\t\t\t\t\t<p><!-- \/wp:paragraph --><!-- wp:list --><\/p>\n<ul class=\"wp-block-list\"><!-- wp:list-item -->\n<li>Hasta $ 10.000.000. Garant\u00eda personal a sola firma \u2013 (Pagar\u00e9).<\/li>\n<!-- \/wp:list-item --><!-- wp:list-item -->\n<li>De m\u00e1s de $ 10.000.001 a $15.000.000 Garant\u00eda solidaria o aval patrimonial de un tercero (*)<\/li>\n<!-- \/wp:list-item --><!-- wp:list-item -->\n<li>De $15.000.001 en adelante: Garant\u00edas reales, aval de sociedad de garant\u00edas rec\u00edprocas, garant\u00edas de sociedades del estado o seguro de cauci\u00f3n.<\/li>\n<!-- \/wp:list-item --><\/ul>\n<p><!-- \/wp:list --><!-- wp:paragraph --><\/p>\n<p>(*) Aval patrimonial: El valor del patrimonio ofrecido deber\u00e1 supera el 130% del cr\u00e9dito.<\/p>\n<p><!-- \/wp:paragraph --><!-- wp:paragraph --><\/p>\n<p>Garant\u00edas Reales: Se aceptar\u00e1n garant\u00edas prendarias o hipotecarias.<\/p>\n<p><!-- \/wp:paragraph --><!-- wp:paragraph --><\/p>\n<p>(Los gastos de inscripci\u00f3n ser\u00e1n a cargo de la persona beneficiaria y podr\u00e1n ser descontados del monto cr\u00e9dito aprobado.).<\/p>\t\t\t\t\t\t<\/div>\n\t\t\t\t<\/div>\n\t\t\t\t<\/div>\n\t\t\t\t\t<\/details>\n\t\t\t\t\t\t<details id=\"e-n-accordion-item-1071\" class=\"e-n-accordion-item\" >\n\t\t\t\t<summary class=\"e-n-accordion-item-title\" data-accordion-index=\"2\" tabindex=\"-1\" aria-expanded=\"false\" aria-controls=\"e-n-accordion-item-1071\" >\n\t\t\t\t\t<span class='e-n-accordion-item-title-header'><div class=\"e-n-accordion-item-title-text\"> Documentaci\u00f3n Requerida <\/div><\/span>\n\t\t\t\t\t\t\t<span class='e-n-accordion-item-title-icon'>\n\t\t\t<span class='e-opened' ><svg aria-hidden=\"true\" class=\"e-font-icon-svg e-fas-check\" viewBox=\"0 0 512 512\" xmlns=\"http:\/\/www.w3.org\/2000\/svg\"><path d=\"M173.898 439.404l-166.4-166.4c-9.997-9.997-9.997-26.206 0-36.204l36.203-36.204c9.997-9.998 26.207-9.998 36.204 0L192 312.69 432.095 72.596c9.997-9.997 26.207-9.997 36.204 0l36.203 36.204c9.997 9.997 9.997 26.206 0 36.204l-294.4 294.401c-9.998 9.997-26.207 9.997-36.204-.001z\"><\/path><\/svg><\/span>\n\t\t\t<span class='e-closed'><svg aria-hidden=\"true\" class=\"e-font-icon-svg e-fas-plus\" viewBox=\"0 0 448 512\" xmlns=\"http:\/\/www.w3.org\/2000\/svg\"><path d=\"M416 208H272V64c0-17.67-14.33-32-32-32h-32c-17.67 0-32 14.33-32 32v144H32c-17.67 0-32 14.33-32 32v32c0 17.67 14.33 32 32 32h144v144c0 17.67 14.33 32 32 32h32c17.67 0 32-14.33 32-32V304h144c17.67 0 32-14.33 32-32v-32c0-17.67-14.33-32-32-32z\"><\/path><\/svg><\/span>\n\t\t<\/span>\n\n\t\t\t\t\t\t<\/summary>\n\t\t\t\t<div role=\"region\" aria-labelledby=\"e-n-accordion-item-1071\" class=\"elementor-element elementor-element-1925f43b e-con-full e-flex e-con e-child\" data-id=\"1925f43b\" data-element_type=\"container\">\n\t\t\t\t<div class=\"elementor-element elementor-element-22006068 elementor-widget elementor-widget-text-editor\" data-id=\"22006068\" data-element_type=\"widget\" data-widget_type=\"text-editor.default\">\n\t\t\t\t<div class=\"elementor-widget-container\">\n\t\t\t\t\t\t\t<p><strong>Deber\u00e1n presentar la siguiente documentaci\u00f3n:<\/strong><\/p>\n<p><!-- \/wp:paragraph --><!-- wp:list --><\/p>\n<ul class=\"wp-block-list\"><!-- wp:list-item -->\n<li>Formulario de solicitud del cr\u00e9dito.<\/li>\n<!-- \/wp:list-item --><!-- wp:list-item --><!-- \/wp:list-item --><!-- wp:list-item -->\n<li>Fotocopia de DNI<\/li>\n<!-- \/wp:list-item --><!-- wp:list-item -->\n<li>Acreditaci\u00f3n de Domicilio<\/li>\n<!-- \/wp:list-item --><!-- wp:list-item -->\n<li>Constancia de CBU<\/li>\n<!-- \/wp:list-item --><!-- wp:list-item -->\n<li>RENSPA vigente 2025<\/li>\n<!-- \/wp:list-item --><!-- wp:list-item -->\n<li>Constancia de inscripci\u00f3n ante la ARCA<\/li>\n<!-- \/wp:list-item --><!-- wp:list-item -->\n<li>Formulario 931 de AFIP en caso de tener empleados en relaci\u00f3n de dependencia.<\/li>\n<!-- \/wp:list-item --><\/ul>\n<p><!-- \/wp:list --><!-- wp:paragraph --><\/p>\n<p><strong>Persona Jur\u00eddica: Adicionalmente deber\u00e1n presentar:<\/strong><\/p>\n<p><!-- \/wp:paragraph --><!-- wp:list --><\/p>\n<ul class=\"wp-block-list\"><!-- wp:list-item -->\n<li>Copia del Contrato Social, Estatuto o Instrumento Constitutivo<\/li>\n<!-- \/wp:list-item --><!-- wp:list-item -->\n<li>DNI del representante de la sociedad<\/li>\n<!-- \/wp:list-item --><!-- wp:list-item -->\n<li>Designaci\u00f3n de autoridades vigentes.\u00a0<\/li>\n<!-- \/wp:list-item --><!-- wp:list-item -->\n<li>En caso de que la sociedad sea representada por un apoderado, presentar copia del poder correspondiente y fotocopia del DNI del apoderado.<\/li>\n<\/ul>\t\t\t\t\t\t<\/div>\n\t\t\t\t<\/div>\n\t\t\t\t<\/div>\n\t\t\t\t\t<\/details>\n\t\t\t\t\t\t<details id=\"e-n-accordion-item-1072\" class=\"e-n-accordion-item\" >\n\t\t\t\t<summary class=\"e-n-accordion-item-title\" data-accordion-index=\"3\" tabindex=\"-1\" aria-expanded=\"false\" aria-controls=\"e-n-accordion-item-1072\" >\n\t\t\t\t\t<span class='e-n-accordion-item-title-header'><div class=\"e-n-accordion-item-title-text\"> Documentaci\u00f3n Requerida Garant\u00edas <\/div><\/span>\n\t\t\t\t\t\t\t<span class='e-n-accordion-item-title-icon'>\n\t\t\t<span class='e-opened' ><svg aria-hidden=\"true\" class=\"e-font-icon-svg e-fas-check\" viewBox=\"0 0 512 512\" xmlns=\"http:\/\/www.w3.org\/2000\/svg\"><path d=\"M173.898 439.404l-166.4-166.4c-9.997-9.997-9.997-26.206 0-36.204l36.203-36.204c9.997-9.998 26.207-9.998 36.204 0L192 312.69 432.095 72.596c9.997-9.997 26.207-9.997 36.204 0l36.203 36.204c9.997 9.997 9.997 26.206 0 36.204l-294.4 294.401c-9.998 9.997-26.207 9.997-36.204-.001z\"><\/path><\/svg><\/span>\n\t\t\t<span class='e-closed'><svg aria-hidden=\"true\" class=\"e-font-icon-svg e-fas-plus\" viewBox=\"0 0 448 512\" xmlns=\"http:\/\/www.w3.org\/2000\/svg\"><path d=\"M416 208H272V64c0-17.67-14.33-32-32-32h-32c-17.67 0-32 14.33-32 32v144H32c-17.67 0-32 14.33-32 32v32c0 17.67 14.33 32 32 32h144v144c0 17.67 14.33 32 32 32h32c17.67 0 32-14.33 32-32V304h144c17.67 0 32-14.33 32-32v-32c0-17.67-14.33-32-32-32z\"><\/path><\/svg><\/span>\n\t\t<\/span>\n\n\t\t\t\t\t\t<\/summary>\n\t\t\t\t<div role=\"region\" aria-labelledby=\"e-n-accordion-item-1072\" class=\"elementor-element elementor-element-58e3e40 e-flex e-con-boxed e-con e-child\" data-id=\"58e3e40\" data-element_type=\"container\">\n\t\t\t\t\t<div class=\"e-con-inner\">\n\t\t\t\t<div class=\"elementor-element elementor-element-3564bdf9 elementor-widget elementor-widget-text-editor\" data-id=\"3564bdf9\" data-element_type=\"widget\" data-widget_type=\"text-editor.default\">\n\t\t\t\t<div class=\"elementor-widget-container\">\n\t\t\t\t\t\t\t<p><strong>En\u00a0caso\u00a0de\u00a0aval\u00a0patrimonial\u00a0de\u00a0un\u00a0tercero: \u00a0 \u00a0<\/strong> \u00a0 \u00a0 \u00a0 \u00a0<\/p>\n<p><!-- \/wp:paragraph --><!-- wp:list --><\/p>\n<ul class=\"wp-block-list\"><!-- wp:list-item -->\n<li>Fotocopia\u00a0DNI\u00a0del\u00a0garante\u00a0personal\u00a0<\/li>\n<!-- \/wp:list-item --><!-- wp:list-item -->\n<li>Acreditaci\u00f3n\u00a0de\u00a0domicilio.\u00a0<\/li>\n<!-- \/wp:list-item --><!-- wp:list-item -->\n<li>Copia simple\u00a0de la \u00faltima Declaraci\u00f3n Jurada de Bienes Personales (con\u00a0acuse de prestaci\u00f3n en\u00a0AFIP)\u00a0o\u00a0Manifestaci\u00f3n\u00a0de\u00a0bienes\u00a0y\u00a0deudas\u00a0del\u00a0garante.\u00a0 \u00a0 \u00a0 \u00a0 \u00a0 \u00a0 \u00a0 \u00a0<\/li>\n<!-- \/wp:list-item --><\/ul>\n<p><!-- \/wp:list --><!-- wp:paragraph --><\/p>\n<p><strong>En\u00a0caso\u00a0de\u00a0garant\u00eda\u00a0personal\u00a0solidaria:\u00a0<\/strong> \u00a0 \u00a0 \u00a0 \u00a0 \u00a0 \u00a0 \u00a0<\/p>\n<p><!-- \/wp:paragraph --><!-- wp:list --><\/p>\n<ul class=\"wp-block-list\"><!-- wp:list-item -->\n<li>Fotocopia\u00a0DNI\u00a0del\u00a0garante\u00a0<\/li>\n<!-- \/wp:list-item --><!-- wp:list-item -->\n<li>Acreditaci\u00f3n\u00a0de\u00a0domicilio:\u00a0factura\u00a0de\u00a0un\u00a0servicio,\u00a0exposici\u00f3n\u00a0policial,\u00a0etc.\u00a0\u00a0<\/li>\n<!-- \/wp:list-item --><!-- wp:list-item -->\n<li>\u00daltimos\u00a03\u00a0Recibos\u00a0de\u00a0Haberes\u00a0(garante\u00a0trabajador\u00a0en\u00a0relaci\u00f3n\u00a0de\u00a0dependencia)\u00a0<\/li>\n<!-- \/wp:list-item --><!-- wp:list-item -->\n<li>Comprobante\u00a0de Inscripci\u00f3n\u00a0en AFIP, Rentas y otros\u00a0organismos que corresponda seg\u00fan\u00a0la\u00a0actividad;\u00a0y\u00a0\u00faltimas\u00a03\u00a0DD\u2010JJ del impuesto a los Ingresos Brutos presentadas ante ARCA\u00a0(en\u00a0el\u00a0caso\u00a0de\u00a0garante\u00a0aut\u00f3nomo)\u00a0<\/li>\n<!-- \/wp:list-item --><\/ul>\n<p><!-- \/wp:list --><!-- wp:paragraph --><\/p>\n<p><strong>En\u00a0caso\u00a0de\u00a0garant\u00edas\u00a0Reales:\u00a0<\/strong> \u00a0 \u00a0 \u00a0 \u00a0 \u00a0 \u00a0 \u00a0 \u00a0 \u00a0<\/p>\n<p><!-- \/wp:paragraph --><!-- wp:list --><\/p>\n<ul class=\"wp-block-list\"><!-- wp:list-item -->\n<li>Copia\u00a0del\u00a0t\u00edtulo\u00a0de\u00a0propiedad\u00a0del\u00a0bien\/es\u00a0y\u00a0fotos.\u00a0 \u00a0 \u00a0 \u00a0<\/li>\n<!-- \/wp:list-item --><!-- wp:list-item -->\n<li>Informe\u00a0de\u00a0estado\u00a0de\u00a0dominio\u00a0para\u00a0el\u00a0caso\u00a0de\u00a0bienes\u00a0registrables.\u00a0<\/li>\n<!-- \/wp:list-item --><!-- wp:list-item -->\n<li>Cuando\u00a0los\u00a0bienes\u00a0sean\u00a0de\u00a0propiedad\u00a0de\u00a0terceros\u00a0deber\u00e1\u00a0acompa\u00f1arse\u00a0copia\u00a0de\u00a0DNI\u00a0del\u00a0titular\u00a0y\u00a0constancia\u00a0de domicilio.<\/li>\n<!-- \/wp:list-item --><\/ul>\n<p><!-- \/wp:list --><!-- wp:paragraph --><\/p>\n<p><strong>En caso de Aval de SGR o Seguro de Cauci\u00f3n:<\/strong><\/p>\n<p><!-- \/wp:paragraph --><!-- wp:list --><\/p>\n<ul class=\"wp-block-list\"><!-- wp:list-item -->\n<li>Nota de ofrecimiento de la garant\u00eda, en la cual consten los datos de la SGR o Aseguradora que otorgar\u00e1 el aval.<\/li>\n<\/ul>\t\t\t\t\t\t<\/div>\n\t\t\t\t<\/div>\n\t\t\t\t\t<\/div>\n\t\t\t\t<\/div>\n\t\t\t\t\t<\/details>\n\t\t\t\t\t<\/div>\n\t\t\t\t<\/div>\n\t\t\t\t<\/div>\n\t\t\t\t<div class=\"elementor-element elementor-element-ec4176a elementor-widget elementor-widget-text-editor\" data-id=\"ec4176a\" data-element_type=\"widget\" data-widget_type=\"text-editor.default\">\n\t\t\t\t<div class=\"elementor-widget-container\">\n\t\t\t\t\t\t\t<!-- wp:paragraph -->\n<p><strong>\u00bfD\u00f3nde se gestionar el cr\u00e9dito? \u00a0<\/strong><\/p>\n<p><strong>IMPORTANTE<\/strong> \ud83d\udc49 Para iniciar la gesti\u00f3n de cr\u00e9ditos, puede acercarse a la oficina del <strong>ECA<\/strong> personalmente (de lunes a viernes de 9 a 14 horas) o enviar un correo electr\u00f3nico a <a href=\"mailto:ecagranizo@gmail.com\">ecagranizo@gmail.com<\/a> con la siguiente informaci\u00f3n: <em><strong>Nombre y apellido o raz\u00f3n social de la empresa, cuit y correo electr\u00f3nico de contacto<\/strong><\/em>.<\/p>\n<!-- \/wp:paragraph --><!-- wp:paragraph -->\n<p><strong>ECA -ENTE COMPENSADOR AGR\u00cdCOLA<\/strong><br \/>Direcci\u00f3n: Av. Belgrano 829 (8309) Centenario. Provincia de Neuqu\u00e9n.<br \/>TEL\u00c9FONO: <a href=\"tel:\/\/2994897627\">(0299) 4897627<\/a><br \/>Correo electr\u00f3nico: <a href=\"mailto:ecagranizo@gmail.com\">ecagranizo@gmail.com<\/a><\/p>\n<!-- \/wp:paragraph --><!-- wp:paragraph --><!-- \/wp:paragraph -->\t\t\t\t\t\t<\/div>\n\t\t\t\t<\/div>\n\t\t<div class=\"elementor-element elementor-element-5d79831f e-grid e-con-boxed e-con e-child\" data-id=\"5d79831f\" data-element_type=\"container\">\n\t\t\t\t\t<div class=\"e-con-inner\">\n\t\t\t\t\t<\/div>\n\t\t\t\t<\/div>\n\t\t\t\t<div class=\"elementor-element elementor-element-52b5d23c elementor-widget elementor-widget-text-editor\" data-id=\"52b5d23c\" data-element_type=\"widget\" data-widget_type=\"text-editor.default\">\n\t\t\t\t<div class=\"elementor-widget-container\">\n\t\t\t\t\t\t\t<!-- wp:paragraph -->\n<p><strong>\u00bfCu\u00e1l es el agente financiero de esta l\u00ednea de cr\u00e9dito?<\/strong><\/p>\n<p>El IADeP es el Organismo responsable de transferir los fondos y debitar las cuotas del cr\u00e9dito de su cuenta bancaria.<\/p>\n<!-- \/wp:paragraph -->\t\t\t\t\t\t<\/div>\n\t\t\t\t<\/div>\n\t\t\t\t\t<\/div>\n\t\t\t\t<\/div>\n\t\t\t\t\t<\/div>\n\t\t\t\t<\/div>\n\t\t\t\t<\/div>\n\t\t","protected":false},"excerpt":{"rendered":"<p>Personas Beneficiarias Productores frut\u00edcolas de pepita, carozo, cereza y frutos secos de la Provincia del Neuqu\u00e9n que cuenten con hasta 100 ha (la cantidad m\u00e1xima de hect\u00e1reas a financiar es de 20 ha por persona productora). Cupo de la l\u00ednea $2.395.100.000 (pesos dos millones trescientos noventa y cinco mil cien). Objetivo general El objetivo de [&hellip;]<\/p>\n","protected":false},"author":1,"featured_media":0,"parent":0,"menu_order":0,"comment_status":"closed","ping_status":"closed","template":"","meta":{"footnotes":""},"class_list":["post-1251","page","type-page","status-publish","hentry"],"_links":{"self":[{"href":"https:\/\/www.neuquen.gob.ar\/financiamiento\/wp-json\/wp\/v2\/pages\/1251","targetHints":{"allow":["GET"]}}],"collection":[{"href":"https:\/\/www.neuquen.gob.ar\/financiamiento\/wp-json\/wp\/v2\/pages"}],"about":[{"href":"https:\/\/www.neuquen.gob.ar\/financiamiento\/wp-json\/wp\/v2\/types\/page"}],"author":[{"embeddable":true,"href":"https:\/\/www.neuquen.gob.ar\/financiamiento\/wp-json\/wp\/v2\/users\/1"}],"replies":[{"embeddable":true,"href":"https:\/\/www.neuquen.gob.ar\/financiamiento\/wp-json\/wp\/v2\/comments?post=1251"}],"version-history":[{"count":4,"href":"https:\/\/www.neuquen.gob.ar\/financiamiento\/wp-json\/wp\/v2\/pages\/1251\/revisions"}],"predecessor-version":[{"id":1256,"href":"https:\/\/www.neuquen.gob.ar\/financiamiento\/wp-json\/wp\/v2\/pages\/1251\/revisions\/1256"}],"wp:attachment":[{"href":"https:\/\/www.neuquen.gob.ar\/financiamiento\/wp-json\/wp\/v2\/media?parent=1251"}],"curies":[{"name":"wp","href":"https:\/\/api.w.org\/{rel}","templated":true}]}}